{"id":54934,"date":"2025-07-21T14:57:27","date_gmt":"2025-07-21T12:57:27","guid":{"rendered":"https:\/\/diamondspa.sk\/?post_type=product&#038;p=54934"},"modified":"2025-07-21T15:03:51","modified_gmt":"2025-07-21T13:03:51","slug":"carica-viriva-vana-so-svetelnou-terapiou-170-x-80-cm","status":"publish","type":"product","link":"https:\/\/diamondspa.sk\/sk\/produkt\/carica-viriva-vana-so-svetelnou-terapiou-170-x-80-cm\/","title":{"rendered":"CARICA V\u00edriv\u00e1 va\u0148a so svetelnou terapiou &#8211; 170 x 80 cm"},"content":{"rendered":"\n<p>T\u00e1to kompletne prepracovan\u00e1 <strong>v\u00edrivka v\u00e1s nadchne<\/strong> svoj\u00edm jedine\u010dn\u00fdm dizajnov\u00fdm jazykom.<\/p>\n\n\n\n<p>Prieh\u013eadn\u00fd dizajn vane dokonale lad\u00ed so zaoblen\u00fdm tvarom prednej \u010dasti z panoramatick\u00e9ho akryl\u00e1tov\u00e9ho skla <strong>s hr\u00fabkou 8 mm.<\/strong> V kombin\u00e1cii s kompaktn\u00fdmi vonkaj\u0161\u00edmi rozmermi ju mo\u017eno dokonale integrova\u0165 do takmer ka\u017edej k\u00fape\u013ene. Va\u0148a nie je ozdobou len v\u010faka svojmu vzh\u013eadu. Meniace sa farebn\u00e9 LED osvetlenie a 4 v\u00fdkonn\u00e9 hydromas\u00e1\u017ene trysky, ktor\u00fdch smer a intenzitu mo\u017eno individu\u00e1lne nastavi\u0165, v\u00e1m pri ka\u017edom pou\u017eit\u00ed poskytn\u00fa ve\u013ea z\u00e1bavy pri k\u00fapan\u00ed. Samozrejme, d\u00e1 sa pou\u017e\u00edva\u0165 aj ako be\u017en\u00e1 va\u0148a. Pr\u00edvod vody mo\u017eno pohodlne nastavi\u0165 medzi pr\u00edvodom do vane a ru\u010dnou sprchou. S na\u0161ou va\u0148ou <strong>CARICA<\/strong> je ka\u017ed\u00e9 pou\u017eitie <strong>bezkonkuren\u010dn\u00fdm z\u00e1\u017eitkom z k\u00fapania<\/strong> a sprchovania. A o kvalitu sa nemus\u00edte ob\u00e1va\u0165.<\/p>\n\n\n\n<p> Leskl\u00fd biely a zosilnen\u00fd sanit\u00e1rny akryl\u00e1t ABS, vysokokvalitn\u00e9 pr\u00edslu\u0161enstvo a hlin\u00edkov\u00e1 r\u00e1mov\u00e1 kon\u0161trukcia v\u00e1m poskytn\u00fa mnoho rokov pote\u0161enia. \u0160trukt\u00fara materi\u00e1lu na\u0161ich v\u00edriv\u00fdch van\u00ed je \u00faplne odli\u0161n\u00e1 od be\u017en\u00fdch van\u00ed. \u00a0Tento termoplastick\u00fd materi\u00e1l sa vplyvom tepla pri teplote pribli\u017ene 180 stup\u0148ov Celzia formuje do v\u0161etk\u00fdch mo\u017en\u00fdch tvarov. Vysok\u00e1 stabilita sa dosahuje v\u010faka spodnej kon\u0161trukcii z tkaniny vystu\u017eenej sklen\u00fdmi vl\u00e1knami (GRP) a \u010dasto aj v\u010faka v\u00fdstu\u017en\u00fdm prvkom, ako je drevo alebo hlin\u00edk. Na\u0161e vane maj\u00fa obzvl\u00e1\u0161\u0165 hrub\u00fa akrylov\u00fa vrstvu 3 mm. To znamen\u00e1, \u017ee <strong>lep\u0161ie akumuluj\u00fa teplo <\/strong>a nep\u00f4sobia tak chladne ako be\u017en\u00e9 vane. V porovnan\u00ed so smaltom s\u00fa o nie\u010do citlivej\u0161ie na po\u0161kriabanie. Jednou z hlavn\u00fdch v\u00fdhod v\u0161ak je, \u017ee sa daj\u00fa \u013eahko odstr\u00e1ni\u0165 pomocou opravn\u00fdch s\u00faprav. Obzvl\u00e1\u0161\u0165 hust\u00e1 \u0161trukt\u00fara sanit\u00e1rneho smaltu je prakticky nep\u00f3rovit\u00e1, \u010do znamen\u00e1, \u017ee vodn\u00fd kame\u0148, zvy\u0161ky mydla a bakt\u00e9rie nemaj\u00fa \u0161ancu pri\u013en\u00fa\u0165.<\/p>\n\n\n\n<p>V modern\u00fdch k\u00fape\u013eniach u\u017e nie je d\u00f4vod zaob\u00eds\u0165 sa bez v\u00edrivky zo sanit\u00e1rneho akryl\u00e1tu!<\/p>\n\n\n\n<ul class=\"wp-block-list\">\n<li>Vr\u00e1tane farebnej svetelnej terapie (farby nie je mo\u017en\u00e9 vybra\u0165 jednotlivo)<\/li>\n\n\n\n<li>Armat\u00fara, va\u0148ov\u00fd vstup, sprchov\u00e1 hlavica a gomb\u00edky bat\u00e9rie vyroben\u00e9 z vysoko kvalitn\u00e9ho materi\u00e1lu<\/li>\n\n\n\n<li>Pohodln\u00fd, odn\u00edmate\u013en\u00fd vank\u00fa\u0161 na krk<\/li>\n\n\n\n<li>V\u00fd\u0161kovo nastavite\u013en\u00e9 no\u017ei\u010dky<\/li>\n\n\n\n<li>Funguje aj s prietokov\u00fdmi ohrieva\u010dmi vody<\/li>\n\n\n\n<li>\u013dahko udr\u017eiavate\u013en\u00fd povrch<\/li>\n\n\n\n<li>Ide\u00e1lny by bol dl\u00e1\u017eden\u00fd povrch, ale nie je to bezpodmiene\u010dne nutn\u00e9, ale odpor\u00fa\u010danie<\/li>\n\n\n\n<li>Potrebujete odtok vody a pripojenie teplej\/studenej vody<\/li>\n\n\n\n<li>Jednoduch\u00e1 v\u00fdmena jednotliv\u00fdch komponentov v pr\u00edpade mo\u017en\u00e9ho opotrebovania<\/li>\n\n\n\n<li>Jednoduch\u00e1 mont\u00e1\u017e a manipul\u00e1cia<\/li>\n<\/ul>\n\n\n\n<p><strong>Rozmery (\u0160 x H x V): <\/strong>170 x 80 x 59 cm<br>Materi\u00e1l: sklom vystu\u017een\u00fd plast (GRP) a 3 mm vystu\u017een\u00fd ABS sanit\u00e1rny akryl\u00e1t<br>Pripojenie: 1 norm\u00e1lna z\u00e1suvka 220-240 V<br>Poistka: C16<br>V\u00edriv\u00e9 \u010derpadlo: 750 wattov<br>Vstupn\u00e1 v\u00fd\u0161ka: cca 590 mm<br>H\u013abka vane: cca 465 mm<br>V\u00fd\u0161ka v\u00fdplne: cca 375 mm<br>Predn\u00e1 strana z akryl\u00e1tov\u00e9ho skla: 8 mm<br>Polomer zaoblenia: 500 mm<br>Maxim\u00e1lny plniaci objem a\u017e po ochranu proti prete\u010deniu: 260 l (Upozor\u0148ujeme, \u017ee t\u00e1to hodnota bola stanoven\u00e1 bez toho, aby v baz\u00e9ne sedeli \u013eudia. Kv\u00f4li v\u00fdtlaku vody budete potrebova\u0165 na v\u00edrivku menej vody v z\u00e1vislosti od va\u0161ej ve\u013ekosti a hmotnosti)<br>V\u00edriv\u00e9 trysky nastavite\u013en\u00e1 intenzita: 4<\/p>\n\n\n\n<p>Jacuzzi<br>Vr\u00e1tane flexibilnej pr\u00edpojky odpadovej vody (harmonikov\u00e1 hadica HT 40 mm)<br>1 x Vank\u00fa\u0161 na krk<br>Upozornenie: Potrebn\u00e9 s\u00fa 2x 1\/2&#8243; flexibiln\u00e9 hadice s prevle\u010dnou maticou (cenovo dostupn\u00e9 v \u0161pecializovan\u00fdch predajniach)<br><strong>Rozmery balenia:&nbsp;<\/strong>175 x 85 x 64 cm<\/p>\n","protected":false},"excerpt":{"rendered":"<p>T\u00e1to kompletne prepracovan\u00e1 v\u00edrivka v\u00e1s nadchne svoj\u00edm jedine\u010dn\u00fdm dizajnov\u00fdm jazykom. Prieh\u013eadn\u00fd dizajn vane dokonale lad\u00ed so zaoblen\u00fdm tvarom prednej \u010dasti z panoramatick\u00e9ho akryl\u00e1tov\u00e9ho skla s hr\u00fabkou 8 mm. V kombin\u00e1cii s kompaktn\u00fdmi vonkaj\u0161\u00edmi rozmermi ju mo\u017eno dokonale integrova\u0165 do takmer ka\u017edej k\u00fape\u013ene. Va\u0148a nie je ozdobou len v\u010faka svojmu vzh\u013eadu. Meniace sa farebn\u00e9 LED osvetlenie [&hellip;]<\/p>\n","protected":false},"featured_media":54943,"comment_status":"closed","ping_status":"closed","template":"","meta":[],"product_brand":[2589],"product_cat":[2670,1909],"product_tag":[],"class_list":{"0":"post-54934","1":"product","2":"type-product","3":"status-publish","4":"has-post-thumbnail","6":"product_brand-home-deluxe","7":"product_cat-asymetricke-hydromasazni-vany","8":"product_cat-hydromasazni-vany","9":"pa_objem-260-l-2","10":"pa_sirka-80-cm","11":"pa_vyrobca-home-deluxe","12":"pa_vyska-59-cm","14":"first","15":"instock","16":"taxable","17":"shipping-taxable","18":"purchasable","19":"product-type-variable"},"_links":{"self":[{"href":"https:\/\/diamondspa.sk\/sk\/wp-json\/wp\/v2\/product\/54934","targetHints":{"allow":["GET"]}}],"collection":[{"href":"https:\/\/diamondspa.sk\/sk\/wp-json\/wp\/v2\/product"}],"about":[{"href":"https:\/\/diamondspa.sk\/sk\/wp-json\/wp\/v2\/types\/product"}],"replies":[{"embeddable":true,"href":"https:\/\/diamondspa.sk\/sk\/wp-json\/wp\/v2\/comments?post=54934"}],"wp:featuredmedia":[{"embeddable":true,"href":"https:\/\/diamondspa.sk\/sk\/wp-json\/wp\/v2\/media\/54943"}],"wp:attachment":[{"href":"https:\/\/diamondspa.sk\/sk\/wp-json\/wp\/v2\/media?parent=54934"}],"wp:term":[{"taxonomy":"product_brand","embeddable":true,"href":"https:\/\/diamondspa.sk\/sk\/wp-json\/wp\/v2\/product_brand?post=54934"},{"taxonomy":"product_cat","embeddable":true,"href":"https:\/\/diamondspa.sk\/sk\/wp-json\/wp\/v2\/product_cat?post=54934"},{"taxonomy":"product_tag","embeddable":true,"href":"https:\/\/diamondspa.sk\/sk\/wp-json\/wp\/v2\/product_tag?post=54934"}],"curies":[{"name":"wp","href":"https:\/\/api.w.org\/{rel}","templated":true}]}}